{"version":"1.0","provider_name":"Ag\u00eancia iNFRA","provider_url":"https:\/\/agenciainfra.com\/blog","author_name":"Ag\u00eancia iNFRA","author_url":"https:\/\/agenciainfra.com\/blog\/author\/admin\/","title":"Diesel: Watt nega desabastecimento, mas aponta entrave contratual","type":"rich","width":600,"height":338,"html":"<blockquote class=\"wp-embedded-content\" data-secret=\"ubTrxW9AnY\"><a href=\"https:\/\/agenciainfra.com\/blog\/diesel-watt-nega-desabastecimento-mas-aponta-entrave-contratual\/\">Diesel: Watt nega desabastecimento, mas aponta entrave contratual<\/a><\/blockquote><iframe sandbox=\"allow-scripts\" security=\"restricted\" src=\"https:\/\/agenciainfra.com\/blog\/diesel-watt-nega-desabastecimento-mas-aponta-entrave-contratual\/embed\/#?secret=ubTrxW9AnY\" width=\"600\" height=\"338\" title=\"&#8220;Diesel: Watt nega desabastecimento, mas aponta entrave contratual&#8221; &#8212; Ag\u00eancia iNFRA\" data-secret=\"ubTrxW9AnY\" frameborder=\"0\" marginwidth=\"0\" marginheight=\"0\" scrolling=\"no\" class=\"wp-embedded-content\"><\/iframe><script>\n\/*! This file is auto-generated *\/\n!function(d,l){\"use strict\";l.querySelector&&d.addEventListener&&\"undefined\"!=typeof URL&&(d.wp=d.wp||{},d.wp.receiveEmbedMessage||(d.wp.receiveEmbedMessage=function(e){var t=e.data;if((t||t.secret||t.message||t.value)&&!\/[^a-zA-Z0-9]\/.test(t.secret)){for(var s,r,n,a=l.querySelectorAll('iframe[data-secret=\"'+t.secret+'\"]'),o=l.querySelectorAll('blockquote[data-secret=\"'+t.secret+'\"]'),c=new RegExp(\"^https?:$\",\"i\"),i=0;i<o.length;i++)o[i].style.display=\"none\";for(i=0;i<a.length;i++)s=a[i],e.source===s.contentWindow&&(s.removeAttribute(\"style\"),\"height\"===t.message?(1e3<(r=parseInt(t.value,10))?r=1e3:~~r<200&&(r=200),s.height=r):\"link\"===t.message&&(r=new URL(s.getAttribute(\"src\")),n=new URL(t.value),c.test(n.protocol))&&n.host===r.host&&l.activeElement===s&&(d.top.location.href=t.value))}},d.addEventListener(\"message\",d.wp.receiveEmbedMessage,!1),l.addEventListener(\"DOMContentLoaded\",function(){for(var e,t,s=l.querySelectorAll(\"iframe.wp-embedded-content\"),r=0;r<s.length;r++)(t=(e=s[r]).getAttribute(\"data-secret\"))||(t=Math.random().toString(36).substring(2,12),e.src+=\"#?secret=\"+t,e.setAttribute(\"data-secret\",t)),e.contentWindow.postMessage({message:\"ready\",secret:t},\"*\")},!1)))}(window,document);\n<\/script>\n","thumbnail_url":"https:\/\/agenciainfra.com\/blog\/wp-content\/uploads\/2025\/09\/diesel-combustivel-foto-dominio-publico.jpg","thumbnail_width":1281,"thumbnail_height":890,"description":"Gabriel Vasconcelos, da Ag\u00eancia iNFRA O diretor-geral da ANP (Ag\u00eancia Nacional do Petr\u00f3leo, G\u00e1s Natural e Biocombust\u00edveis), Artur Watt, disse nesta ter\u00e7a-feira (10) que n\u00e3o h\u00e1 falta f\u00edsica de diesel no Brasil hoje. Ele reconheceu, no entanto, que h\u00e1 quest\u00f5es contratuais por tr\u00e1s das queixas de alguns agentes sobre falta de recebimento de produto advindo [&hellip;]"}