{"version":"1.0","provider_name":"Ag\u00eancia iNFRA","provider_url":"https:\/\/agenciainfra.com\/blog","author_name":"Ag\u00eancia iNFRA","author_url":"https:\/\/agenciainfra.com\/blog\/author\/admin\/","title":"Governo prev\u00ea nomea\u00e7\u00e3o da equipe em quatro etapas","type":"rich","width":600,"height":338,"html":"<blockquote class=\"wp-embedded-content\" data-secret=\"gNDviU1jJc\"><a href=\"https:\/\/agenciainfra.com\/blog\/governo-preve-nomeacao-da-equipe-em-quatro-etapas\/\">Governo prev\u00ea nomea\u00e7\u00e3o da equipe em quatro etapas<\/a><\/blockquote><iframe sandbox=\"allow-scripts\" security=\"restricted\" src=\"https:\/\/agenciainfra.com\/blog\/governo-preve-nomeacao-da-equipe-em-quatro-etapas\/embed\/#?secret=gNDviU1jJc\" width=\"600\" height=\"338\" title=\"&#8220;Governo prev\u00ea nomea\u00e7\u00e3o da equipe em quatro etapas&#8221; &#8212; Ag\u00eancia iNFRA\" data-secret=\"gNDviU1jJc\" frameborder=\"0\" marginwidth=\"0\" marginheight=\"0\" scrolling=\"no\" class=\"wp-embedded-content\"><\/iframe><script>\n\/*! This file is auto-generated *\/\n!function(d,l){\"use strict\";l.querySelector&&d.addEventListener&&\"undefined\"!=typeof URL&&(d.wp=d.wp||{},d.wp.receiveEmbedMessage||(d.wp.receiveEmbedMessage=function(e){var t=e.data;if((t||t.secret||t.message||t.value)&&!\/[^a-zA-Z0-9]\/.test(t.secret)){for(var s,r,n,a=l.querySelectorAll('iframe[data-secret=\"'+t.secret+'\"]'),o=l.querySelectorAll('blockquote[data-secret=\"'+t.secret+'\"]'),c=new RegExp(\"^https?:$\",\"i\"),i=0;i<o.length;i++)o[i].style.display=\"none\";for(i=0;i<a.length;i++)s=a[i],e.source===s.contentWindow&&(s.removeAttribute(\"style\"),\"height\"===t.message?(1e3<(r=parseInt(t.value,10))?r=1e3:~~r<200&&(r=200),s.height=r):\"link\"===t.message&&(r=new URL(s.getAttribute(\"src\")),n=new URL(t.value),c.test(n.protocol))&&n.host===r.host&&l.activeElement===s&&(d.top.location.href=t.value))}},d.addEventListener(\"message\",d.wp.receiveEmbedMessage,!1),l.addEventListener(\"DOMContentLoaded\",function(){for(var e,t,s=l.querySelectorAll(\"iframe.wp-embedded-content\"),r=0;r<s.length;r++)(t=(e=s[r]).getAttribute(\"data-secret\"))||(t=Math.random().toString(36).substring(2,12),e.src+=\"#?secret=\"+t,e.setAttribute(\"data-secret\",t)),e.contentWindow.postMessage({message:\"ready\",secret:t},\"*\")},!1)))}(window,document);\n<\/script>\n","thumbnail_url":"https:\/\/agenciainfra.com\/blog\/wp-content\/uploads\/2023\/01\/rui-costa-foto-marcelo-camargo-agencia-brasil.jpeg","thumbnail_width":1280,"thumbnail_height":852,"description":"Leila Coimbra,&nbsp;da Ag\u00eancia iNFRA O governo Lula prev\u00ea a nomea\u00e7\u00e3o da equipe em \u201condas\u201d, depois de uma megaexonera\u00e7\u00e3o de mais de 1,2 mil servidores logo no primeiro dia \u00fatil do terceiro mandato do petista.\u00a0Documento\u00a0do gabinete de transi\u00e7\u00e3o ao qual a\u00a0Ag\u00eancia iNFRA\u00a0teve acesso informa aos ministros o cronograma das quatro etapas de nomea\u00e7\u00f5es. O texto \u00e9 [&hellip;]"}