{"version":"1.0","provider_name":"Ag\u00eancia iNFRA","provider_url":"https:\/\/agenciainfra.com\/blog","author_name":"Ag\u00eancia iNFRA","author_url":"https:\/\/agenciainfra.com\/blog\/author\/admin\/","title":"iNFRADebate: Verticaliza\u00e7\u00e3o sem regula\u00e7\u00e3o econ\u00f4mica: at\u00e9 quando?","type":"rich","width":600,"height":338,"html":"<blockquote class=\"wp-embedded-content\" data-secret=\"l9Yr3fVwQz\"><a href=\"https:\/\/agenciainfra.com\/blog\/infradebate-verticalizacao-sem-regulacao-economica-ate-quando\/\">iNFRADebate: Verticaliza\u00e7\u00e3o sem regula\u00e7\u00e3o econ\u00f4mica: at\u00e9 quando?<\/a><\/blockquote><iframe sandbox=\"allow-scripts\" security=\"restricted\" src=\"https:\/\/agenciainfra.com\/blog\/infradebate-verticalizacao-sem-regulacao-economica-ate-quando\/embed\/#?secret=l9Yr3fVwQz\" width=\"600\" height=\"338\" title=\"&#8220;iNFRADebate: Verticaliza\u00e7\u00e3o sem regula\u00e7\u00e3o econ\u00f4mica: at\u00e9 quando?&#8221; &#8212; Ag\u00eancia iNFRA\" data-secret=\"l9Yr3fVwQz\" frameborder=\"0\" marginwidth=\"0\" marginheight=\"0\" scrolling=\"no\" class=\"wp-embedded-content\"><\/iframe><script>\n\/*! This file is auto-generated *\/\n!function(d,l){\"use strict\";l.querySelector&&d.addEventListener&&\"undefined\"!=typeof URL&&(d.wp=d.wp||{},d.wp.receiveEmbedMessage||(d.wp.receiveEmbedMessage=function(e){var t=e.data;if((t||t.secret||t.message||t.value)&&!\/[^a-zA-Z0-9]\/.test(t.secret)){for(var s,r,n,a=l.querySelectorAll('iframe[data-secret=\"'+t.secret+'\"]'),o=l.querySelectorAll('blockquote[data-secret=\"'+t.secret+'\"]'),c=new RegExp(\"^https?:$\",\"i\"),i=0;i<o.length;i++)o[i].style.display=\"none\";for(i=0;i<a.length;i++)s=a[i],e.source===s.contentWindow&&(s.removeAttribute(\"style\"),\"height\"===t.message?(1e3<(r=parseInt(t.value,10))?r=1e3:~~r<200&&(r=200),s.height=r):\"link\"===t.message&&(r=new URL(s.getAttribute(\"src\")),n=new URL(t.value),c.test(n.protocol))&&n.host===r.host&&l.activeElement===s&&(d.top.location.href=t.value))}},d.addEventListener(\"message\",d.wp.receiveEmbedMessage,!1),l.addEventListener(\"DOMContentLoaded\",function(){for(var e,t,s=l.querySelectorAll(\"iframe.wp-embedded-content\"),r=0;r<s.length;r++)(t=(e=s[r]).getAttribute(\"data-secret\"))||(t=Math.random().toString(36).substring(2,12),e.src+=\"#?secret=\"+t,e.setAttribute(\"data-secret\",t)),e.contentWindow.postMessage({message:\"ready\",secret:t},\"*\")},!1)))}(window,document);\n<\/script>\n","description":"Osvaldo Agripino de Castro Junior*\u00a0 Se a Antaq fizesse uma pesquisa de satisfa\u00e7\u00e3o junto aos usu\u00e1rios do transporte mar\u00edtimo e os terminais portu\u00e1rios n\u00e3o verticalizados, especialmente os de cont\u00eaineres, o resultado mostraria que a realidade est\u00e1 muito longe do servi\u00e7o adequado das suas normas, especialmente a recente Resolu\u00e7\u00e3o Normativa n. 18\/2017. O problema aumenta quando [&hellip;]"}