{"version":"1.0","provider_name":"Ag\u00eancia iNFRA","provider_url":"https:\/\/agenciainfra.com\/blog","author_name":"Ag\u00eancia iNFRA","author_url":"https:\/\/agenciainfra.com\/blog\/author\/admin\/","title":"'Solu\u00e7o' or\u00e7ament\u00e1rio afeta obras e empres\u00e1rios pedem previsibilidade","type":"rich","width":600,"height":338,"html":"<blockquote class=\"wp-embedded-content\" data-secret=\"1bdsJvmaRy\"><a href=\"https:\/\/agenciainfra.com\/blog\/soluco-orcamentario-afeta-obras-e-empresarios-pedem-previsibilidade\/\">&#8216;Solu\u00e7o&#8217; or\u00e7ament\u00e1rio afeta obras e empres\u00e1rios pedem previsibilidade<\/a><\/blockquote><iframe sandbox=\"allow-scripts\" security=\"restricted\" src=\"https:\/\/agenciainfra.com\/blog\/soluco-orcamentario-afeta-obras-e-empresarios-pedem-previsibilidade\/embed\/#?secret=1bdsJvmaRy\" width=\"600\" height=\"338\" title=\"&#8220;&#8216;Solu\u00e7o&#8217; or\u00e7ament\u00e1rio afeta obras e empres\u00e1rios pedem previsibilidade&#8221; &#8212; Ag\u00eancia iNFRA\" data-secret=\"1bdsJvmaRy\" frameborder=\"0\" marginwidth=\"0\" marginheight=\"0\" scrolling=\"no\" class=\"wp-embedded-content\"><\/iframe><script>\n\/*! This file is auto-generated *\/\n!function(d,l){\"use strict\";l.querySelector&&d.addEventListener&&\"undefined\"!=typeof URL&&(d.wp=d.wp||{},d.wp.receiveEmbedMessage||(d.wp.receiveEmbedMessage=function(e){var t=e.data;if((t||t.secret||t.message||t.value)&&!\/[^a-zA-Z0-9]\/.test(t.secret)){for(var s,r,n,a=l.querySelectorAll('iframe[data-secret=\"'+t.secret+'\"]'),o=l.querySelectorAll('blockquote[data-secret=\"'+t.secret+'\"]'),c=new RegExp(\"^https?:$\",\"i\"),i=0;i<o.length;i++)o[i].style.display=\"none\";for(i=0;i<a.length;i++)s=a[i],e.source===s.contentWindow&&(s.removeAttribute(\"style\"),\"height\"===t.message?(1e3<(r=parseInt(t.value,10))?r=1e3:~~r<200&&(r=200),s.height=r):\"link\"===t.message&&(r=new URL(s.getAttribute(\"src\")),n=new URL(t.value),c.test(n.protocol))&&n.host===r.host&&l.activeElement===s&&(d.top.location.href=t.value))}},d.addEventListener(\"message\",d.wp.receiveEmbedMessage,!1),l.addEventListener(\"DOMContentLoaded\",function(){for(var e,t,s=l.querySelectorAll(\"iframe.wp-embedded-content\"),r=0;r<s.length;r++)(t=(e=s[r]).getAttribute(\"data-secret\"))||(t=Math.random().toString(36).substring(2,12),e.src+=\"#?secret=\"+t,e.setAttribute(\"data-secret\",t)),e.contentWindow.postMessage({message:\"ready\",secret:t},\"*\")},!1)))}(window,document);\n<\/script>\n","thumbnail_url":"https:\/\/agenciainfra.com\/blog\/wp-content\/uploads\/2025\/09\/obra-publica-foto-michel-corvello-ministerio-dos-transportes.jpg","thumbnail_width":1280,"thumbnail_height":853,"description":"Amanda Pupo, da Ag\u00eancia iNFRA A pol\u00edtica de execu\u00e7\u00e3o or\u00e7ament\u00e1ria do governo federal feita para a equipe econ\u00f4mica ter maior controle fiscal das contas p\u00fablicas tem gerado uma s\u00e9rie de problemas para as empreiteiras que prestam servi\u00e7os ao DNIT (Departamento Nacional de Infraestrutura de Transportes). As empresas alegam que a libera\u00e7\u00e3o fracionada dos recursos, como [&hellip;]"}