{"id":3830,"date":"2019-10-03T13:30:37","date_gmt":"2019-10-03T16:30:37","guid":{"rendered":"http:\/\/www.agenciainfra.com\/blog\/?page_id=3830"},"modified":"2019-10-03T12:01:29","modified_gmt":"2019-10-03T15:01:29","slug":"em-auditoria-tribunal-de-contas-da-uniao-apontou-concentracao","status":"publish","type":"page","link":"https:\/\/agenciainfra.com\/blog\/em-auditoria-tribunal-de-contas-da-uniao-apontou-concentracao\/","title":{"rendered":"Em auditoria, Tribunal de Contas da Uni\u00e3o apontou concentra\u00e7\u00e3o"},"content":{"rendered":"<h5 style=\"text-align: right;\"><strong>da Ag\u00eancia iNFRA<\/strong><\/h5>\n<div>Presente \u00e0 mesa de abertura do Caf\u00e9 com iNFRA, o secret\u00e1rio da Secretaria de Fiscaliza\u00e7\u00e3o de Portos e Ferrovias do TCU,\u00a0Jairo Misson,\u00a0apresentou dados da\u00a0auditoria que revelou os entraves \u00e0 navega\u00e7\u00e3o de cabotagem. As conclus\u00f5es do trabalho foram antecipadas\u00a0<a href=\"https:\/\/agenciainfra.us14.list-manage.com\/track\/click?u=d460dd1bcf9ba0ae040e1fc0f&amp;id=97384785da&amp;e=c099169394\" target=\"_blank\" rel=\"noopener noreferrer\" data-saferedirecturl=\"https:\/\/www.google.com\/url?q=https:\/\/agenciainfra.us14.list-manage.com\/track\/click?u%3Dd460dd1bcf9ba0ae040e1fc0f%26id%3D97384785da%26e%3Dc099169394&amp;source=gmail&amp;ust=1570194964226000&amp;usg=AFQjCNGsh9AYfVXfnEA4DQTe6tCH5d9qyA\">nesta reportagem especial da <strong>Ag\u00eancia iNFRA<\/strong><\/a>\u00a0sobre o tema.<\/p>\n<p>O documento traz um retrato do setor, mostrando n\u00e3o haver pol\u00edtica p\u00fablica espec\u00edfica e sistemas de informa\u00e7\u00f5es governamentais sem provis\u00e3o de informa\u00e7\u00f5es suficientes para o monitoramento das a\u00e7\u00f5es de fomento \u00e0 navega\u00e7\u00e3o de cabotagem de cont\u00eainer.<\/p>\n<p>O trabalho aponta ainda a falta de isonomia nos pre\u00e7os de combust\u00edveis com os navios estrangeiros; o fato de n\u00e3o haver fomento \u00e0 competi\u00e7\u00e3o entre armadores de cabotagem de cont\u00eainer; e a verifica\u00e7\u00e3o de que a atua\u00e7\u00e3o dos \u00f3rg\u00e3os p\u00fablicos n\u00e3o promove a operacionaliza\u00e7\u00e3o do transporte multimodal de cargas.<\/p>\n<p>&#8220;O relat\u00f3rio na verdade \u00e9 um diagn\u00f3stico que aborda alguns pontos do setor&#8221;, informou o secret\u00e1rio.\u00a0A apresenta\u00e7\u00e3o est\u00e1\u00a0<a href=\"https:\/\/agenciainfra.us14.list-manage.com\/track\/click?u=d460dd1bcf9ba0ae040e1fc0f&amp;id=0b7b7e9bf2&amp;e=c099169394\" target=\"_blank\" rel=\"noopener noreferrer\" data-saferedirecturl=\"https:\/\/www.google.com\/url?q=https:\/\/agenciainfra.us14.list-manage.com\/track\/click?u%3Dd460dd1bcf9ba0ae040e1fc0f%26id%3D0b7b7e9bf2%26e%3Dc099169394&amp;source=gmail&amp;ust=1570194964226000&amp;usg=AFQjCNEkt5_YUE0YZchUB7NmUd6fp-4IHg\">neste link<\/a>.<\/p>\n<p>Misson lembrou que\u00a0o trabalho ganhou destaque quando ocorreu a greve dos caminhoneiros em meados de 2018 que parou o transporte de cargas no pa\u00eds, j\u00e1 que 65%\u00a0s\u00e3o transportados por este modal.<\/p><\/div>\n","protected":false},"excerpt":{"rendered":"<p>da Ag\u00eancia iNFRA Presente \u00e0 mesa de abertura do Caf\u00e9 com iNFRA, o secret\u00e1rio da Secretaria de Fiscaliza\u00e7\u00e3o de Portos e Ferrovias do TCU,\u00a0Jairo Misson,\u00a0apresentou dados da\u00a0auditoria que revelou os entraves \u00e0 navega\u00e7\u00e3o de cabotagem. As conclus\u00f5es do trabalho foram antecipadas\u00a0nesta reportagem especial da Ag\u00eancia iNFRA\u00a0sobre o tema. O documento traz um retrato do setor, [&hellip;]<\/p>\n","protected":false},"author":9,"featured_media":3831,"parent":0,"menu_order":0,"comment_status":"closed","ping_status":"closed","template":"","meta":{"_monsterinsights_skip_tracking":false,"_monsterinsights_sitenote_active":false,"_monsterinsights_sitenote_note":"","_monsterinsights_sitenote_category":0,"footnotes":""},"class_list":["post-3830","page","type-page","status-publish","has-post-thumbnail","hentry"],"yoast_head":"<!-- This site is optimized with the Yoast SEO Premium plugin v25.4 (Yoast SEO v26.0) - https:\/\/yoast.com\/wordpress\/plugins\/seo\/ -->\n<title>Em auditoria, Tribunal de Contas da Uni\u00e3o apontou concentra\u00e7\u00e3o - Ag\u00eancia iNFRA<\/title>\n<meta name=\"robots\" content=\"index, follow, max-snippet:-1, max-image-preview:large, max-video-preview:-1\" \/>\n<link rel=\"canonical\" href=\"https:\/\/agenciainfra.com\/blog\/em-auditoria-tribunal-de-contas-da-uniao-apontou-concentracao\/\" \/>\n<meta property=\"og:locale\" content=\"pt_BR\" \/>\n<meta property=\"og:type\" content=\"article\" \/>\n<meta property=\"og:title\" content=\"Em auditoria, Tribunal de Contas da Uni\u00e3o apontou concentra\u00e7\u00e3o\" \/>\n<meta property=\"og:description\" content=\"da Ag\u00eancia iNFRA Presente \u00e0 mesa de abertura do Caf\u00e9 com iNFRA, o secret\u00e1rio da Secretaria de Fiscaliza\u00e7\u00e3o de Portos e Ferrovias do TCU,\u00a0Jairo Misson,\u00a0apresentou dados da\u00a0auditoria que revelou os entraves \u00e0 navega\u00e7\u00e3o de cabotagem. As conclus\u00f5es do trabalho foram antecipadas\u00a0nesta reportagem especial da Ag\u00eancia iNFRA\u00a0sobre o tema. O documento traz um retrato do setor, [&hellip;]\" \/>\n<meta property=\"og:url\" content=\"https:\/\/agenciainfra.com\/blog\/em-auditoria-tribunal-de-contas-da-uniao-apontou-concentracao\/\" \/>\n<meta property=\"og:site_name\" content=\"Ag\u00eancia iNFRA\" \/>\n<meta property=\"article:publisher\" content=\"https:\/\/www.facebook.com\/ageninfra\" \/>\n<meta property=\"og:image\" content=\"https:\/\/agenciainfra.com\/blog\/wp-content\/uploads\/2019\/10\/jairo-misson-foto-andre-coelho-agencia-infra.jpeg\" \/>\n\t<meta property=\"og:image:width\" content=\"1280\" \/>\n\t<meta property=\"og:image:height\" content=\"853\" \/>\n\t<meta property=\"og:image:type\" content=\"image\/jpeg\" \/>\n<meta name=\"twitter:card\" content=\"summary_large_image\" \/>\n<meta name=\"twitter:site\" content=\"@agencia_infra\" \/>\n<meta name=\"twitter:label1\" content=\"Est. tempo de leitura\" \/>\n\t<meta name=\"twitter:data1\" content=\"1 minuto\" \/>\n<script type=\"application\/ld+json\" class=\"yoast-schema-graph\">{\"@context\":\"https:\/\/schema.org\",\"@graph\":[{\"@type\":\"WebPage\",\"@id\":\"https:\/\/agenciainfra.com\/blog\/em-auditoria-tribunal-de-contas-da-uniao-apontou-concentracao\/\",\"url\":\"https:\/\/agenciainfra.com\/blog\/em-auditoria-tribunal-de-contas-da-uniao-apontou-concentracao\/\",\"name\":\"Em auditoria, Tribunal de Contas da Uni\u00e3o apontou concentra\u00e7\u00e3o - Ag\u00eancia iNFRA\",\"isPartOf\":{\"@id\":\"https:\/\/agenciainfra.com\/blog\/#website\"},\"primaryImageOfPage\":{\"@id\":\"https:\/\/agenciainfra.com\/blog\/em-auditoria-tribunal-de-contas-da-uniao-apontou-concentracao\/#primaryimage\"},\"image\":{\"@id\":\"https:\/\/agenciainfra.com\/blog\/em-auditoria-tribunal-de-contas-da-uniao-apontou-concentracao\/#primaryimage\"},\"thumbnailUrl\":\"https:\/\/agenciainfra.com\/blog\/wp-content\/uploads\/2019\/10\/jairo-misson-foto-andre-coelho-agencia-infra.jpeg\",\"datePublished\":\"2019-10-03T16:30:37+00:00\",\"breadcrumb\":{\"@id\":\"https:\/\/agenciainfra.com\/blog\/em-auditoria-tribunal-de-contas-da-uniao-apontou-concentracao\/#breadcrumb\"},\"inLanguage\":\"pt-BR\",\"potentialAction\":[{\"@type\":\"ReadAction\",\"target\":[\"https:\/\/agenciainfra.com\/blog\/em-auditoria-tribunal-de-contas-da-uniao-apontou-concentracao\/\"]}]},{\"@type\":\"ImageObject\",\"inLanguage\":\"pt-BR\",\"@id\":\"https:\/\/agenciainfra.com\/blog\/em-auditoria-tribunal-de-contas-da-uniao-apontou-concentracao\/#primaryimage\",\"url\":\"https:\/\/agenciainfra.com\/blog\/wp-content\/uploads\/2019\/10\/jairo-misson-foto-andre-coelho-agencia-infra.jpeg\",\"contentUrl\":\"https:\/\/agenciainfra.com\/blog\/wp-content\/uploads\/2019\/10\/jairo-misson-foto-andre-coelho-agencia-infra.jpeg\",\"width\":1280,\"height\":853},{\"@type\":\"BreadcrumbList\",\"@id\":\"https:\/\/agenciainfra.com\/blog\/em-auditoria-tribunal-de-contas-da-uniao-apontou-concentracao\/#breadcrumb\",\"itemListElement\":[{\"@type\":\"ListItem\",\"position\":1,\"name\":\"In\u00edcio\",\"item\":\"https:\/\/agenciainfra.com\/blog\/\"},{\"@type\":\"ListItem\",\"position\":2,\"name\":\"Em auditoria, Tribunal de Contas da Uni\u00e3o apontou concentra\u00e7\u00e3o\"}]},{\"@type\":\"WebSite\",\"@id\":\"https:\/\/agenciainfra.com\/blog\/#website\",\"url\":\"https:\/\/agenciainfra.com\/blog\/\",\"name\":\"Ag\u00eancia iNFRA\",\"description\":\"Multiplataforma de informa\u00e7\u00e3o jornal\u00edstica refer\u00eancia na \u00e1rea de infraestrutura no Brasil!\",\"publisher\":{\"@id\":\"https:\/\/agenciainfra.com\/blog\/#organization\"},\"potentialAction\":[{\"@type\":\"SearchAction\",\"target\":{\"@type\":\"EntryPoint\",\"urlTemplate\":\"https:\/\/agenciainfra.com\/blog\/?s={search_term_string}\"},\"query-input\":{\"@type\":\"PropertyValueSpecification\",\"valueRequired\":true,\"valueName\":\"search_term_string\"}}],\"inLanguage\":\"pt-BR\"},{\"@type\":\"Organization\",\"@id\":\"https:\/\/agenciainfra.com\/blog\/#organization\",\"name\":\"Ag\u00eancia iNFRA\",\"url\":\"https:\/\/agenciainfra.com\/blog\/\",\"logo\":{\"@type\":\"ImageObject\",\"inLanguage\":\"pt-BR\",\"@id\":\"https:\/\/agenciainfra.com\/blog\/#\/schema\/logo\/image\/\",\"url\":\"https:\/\/agenciainfra.com\/blog\/wp-content\/uploads\/2023\/09\/iNFRA_5-e1761735885940.png\",\"contentUrl\":\"https:\/\/agenciainfra.com\/blog\/wp-content\/uploads\/2023\/09\/iNFRA_5-e1761735885940.png\",\"width\":1672,\"height\":454,\"caption\":\"Ag\u00eancia iNFRA\"},\"image\":{\"@id\":\"https:\/\/agenciainfra.com\/blog\/#\/schema\/logo\/image\/\"},\"sameAs\":[\"https:\/\/www.facebook.com\/ageninfra\",\"https:\/\/x.com\/agencia_infra\",\"https:\/\/www.linkedin.com\/company\/ag\u00eanciainfra\/\",\"https:\/\/www.instagram.com\/agenciainfra\/\"]}]}<\/script>\n<!-- \/ Yoast SEO Premium plugin. -->","yoast_head_json":{"title":"Em auditoria, Tribunal de Contas da Uni\u00e3o apontou concentra\u00e7\u00e3o - Ag\u00eancia iNFRA","robots":{"index":"index","follow":"follow","max-snippet":"max-snippet:-1","max-image-preview":"max-image-preview:large","max-video-preview":"max-video-preview:-1"},"canonical":"https:\/\/agenciainfra.com\/blog\/em-auditoria-tribunal-de-contas-da-uniao-apontou-concentracao\/","og_locale":"pt_BR","og_type":"article","og_title":"Em auditoria, Tribunal de Contas da Uni\u00e3o apontou concentra\u00e7\u00e3o","og_description":"da Ag\u00eancia iNFRA Presente \u00e0 mesa de abertura do Caf\u00e9 com iNFRA, o secret\u00e1rio da Secretaria de Fiscaliza\u00e7\u00e3o de Portos e Ferrovias do TCU,\u00a0Jairo Misson,\u00a0apresentou dados da\u00a0auditoria que revelou os entraves \u00e0 navega\u00e7\u00e3o de cabotagem. As conclus\u00f5es do trabalho foram antecipadas\u00a0nesta reportagem especial da Ag\u00eancia iNFRA\u00a0sobre o tema. O documento traz um retrato do setor, [&hellip;]","og_url":"https:\/\/agenciainfra.com\/blog\/em-auditoria-tribunal-de-contas-da-uniao-apontou-concentracao\/","og_site_name":"Ag\u00eancia iNFRA","article_publisher":"https:\/\/www.facebook.com\/ageninfra","og_image":[{"width":1280,"height":853,"url":"https:\/\/agenciainfra.com\/blog\/wp-content\/uploads\/2019\/10\/jairo-misson-foto-andre-coelho-agencia-infra.jpeg","type":"image\/jpeg"}],"twitter_card":"summary_large_image","twitter_site":"@agencia_infra","twitter_misc":{"Est. tempo de leitura":"1 minuto"},"schema":{"@context":"https:\/\/schema.org","@graph":[{"@type":"WebPage","@id":"https:\/\/agenciainfra.com\/blog\/em-auditoria-tribunal-de-contas-da-uniao-apontou-concentracao\/","url":"https:\/\/agenciainfra.com\/blog\/em-auditoria-tribunal-de-contas-da-uniao-apontou-concentracao\/","name":"Em auditoria, Tribunal de Contas da Uni\u00e3o apontou concentra\u00e7\u00e3o - Ag\u00eancia iNFRA","isPartOf":{"@id":"https:\/\/agenciainfra.com\/blog\/#website"},"primaryImageOfPage":{"@id":"https:\/\/agenciainfra.com\/blog\/em-auditoria-tribunal-de-contas-da-uniao-apontou-concentracao\/#primaryimage"},"image":{"@id":"https:\/\/agenciainfra.com\/blog\/em-auditoria-tribunal-de-contas-da-uniao-apontou-concentracao\/#primaryimage"},"thumbnailUrl":"https:\/\/agenciainfra.com\/blog\/wp-content\/uploads\/2019\/10\/jairo-misson-foto-andre-coelho-agencia-infra.jpeg","datePublished":"2019-10-03T16:30:37+00:00","breadcrumb":{"@id":"https:\/\/agenciainfra.com\/blog\/em-auditoria-tribunal-de-contas-da-uniao-apontou-concentracao\/#breadcrumb"},"inLanguage":"pt-BR","potentialAction":[{"@type":"ReadAction","target":["https:\/\/agenciainfra.com\/blog\/em-auditoria-tribunal-de-contas-da-uniao-apontou-concentracao\/"]}]},{"@type":"ImageObject","inLanguage":"pt-BR","@id":"https:\/\/agenciainfra.com\/blog\/em-auditoria-tribunal-de-contas-da-uniao-apontou-concentracao\/#primaryimage","url":"https:\/\/agenciainfra.com\/blog\/wp-content\/uploads\/2019\/10\/jairo-misson-foto-andre-coelho-agencia-infra.jpeg","contentUrl":"https:\/\/agenciainfra.com\/blog\/wp-content\/uploads\/2019\/10\/jairo-misson-foto-andre-coelho-agencia-infra.jpeg","width":1280,"height":853},{"@type":"BreadcrumbList","@id":"https:\/\/agenciainfra.com\/blog\/em-auditoria-tribunal-de-contas-da-uniao-apontou-concentracao\/#breadcrumb","itemListElement":[{"@type":"ListItem","position":1,"name":"In\u00edcio","item":"https:\/\/agenciainfra.com\/blog\/"},{"@type":"ListItem","position":2,"name":"Em auditoria, Tribunal de Contas da Uni\u00e3o apontou concentra\u00e7\u00e3o"}]},{"@type":"WebSite","@id":"https:\/\/agenciainfra.com\/blog\/#website","url":"https:\/\/agenciainfra.com\/blog\/","name":"Ag\u00eancia iNFRA","description":"Multiplataforma de informa\u00e7\u00e3o jornal\u00edstica refer\u00eancia na \u00e1rea de infraestrutura no Brasil!","publisher":{"@id":"https:\/\/agenciainfra.com\/blog\/#organization"},"potentialAction":[{"@type":"SearchAction","target":{"@type":"EntryPoint","urlTemplate":"https:\/\/agenciainfra.com\/blog\/?s={search_term_string}"},"query-input":{"@type":"PropertyValueSpecification","valueRequired":true,"valueName":"search_term_string"}}],"inLanguage":"pt-BR"},{"@type":"Organization","@id":"https:\/\/agenciainfra.com\/blog\/#organization","name":"Ag\u00eancia iNFRA","url":"https:\/\/agenciainfra.com\/blog\/","logo":{"@type":"ImageObject","inLanguage":"pt-BR","@id":"https:\/\/agenciainfra.com\/blog\/#\/schema\/logo\/image\/","url":"https:\/\/agenciainfra.com\/blog\/wp-content\/uploads\/2023\/09\/iNFRA_5-e1761735885940.png","contentUrl":"https:\/\/agenciainfra.com\/blog\/wp-content\/uploads\/2023\/09\/iNFRA_5-e1761735885940.png","width":1672,"height":454,"caption":"Ag\u00eancia iNFRA"},"image":{"@id":"https:\/\/agenciainfra.com\/blog\/#\/schema\/logo\/image\/"},"sameAs":["https:\/\/www.facebook.com\/ageninfra","https:\/\/x.com\/agencia_infra","https:\/\/www.linkedin.com\/company\/ag\u00eanciainfra\/","https:\/\/www.instagram.com\/agenciainfra\/"]}]}},"_links":{"self":[{"href":"https:\/\/agenciainfra.com\/blog\/wp-json\/wp\/v2\/pages\/3830","targetHints":{"allow":["GET"]}}],"collection":[{"href":"https:\/\/agenciainfra.com\/blog\/wp-json\/wp\/v2\/pages"}],"about":[{"href":"https:\/\/agenciainfra.com\/blog\/wp-json\/wp\/v2\/types\/page"}],"author":[{"embeddable":true,"href":"https:\/\/agenciainfra.com\/blog\/wp-json\/wp\/v2\/users\/9"}],"replies":[{"embeddable":true,"href":"https:\/\/agenciainfra.com\/blog\/wp-json\/wp\/v2\/comments?post=3830"}],"version-history":[{"count":0,"href":"https:\/\/agenciainfra.com\/blog\/wp-json\/wp\/v2\/pages\/3830\/revisions"}],"wp:featuredmedia":[{"embeddable":true,"href":"https:\/\/agenciainfra.com\/blog\/wp-json\/wp\/v2\/media\/3831"}],"wp:attachment":[{"href":"https:\/\/agenciainfra.com\/blog\/wp-json\/wp\/v2\/media?parent=3830"}],"curies":[{"name":"wp","href":"https:\/\/api.w.org\/{rel}","templated":true}]}}